{"id":2299,"date":"2019-03-11T12:28:45","date_gmt":"2019-03-11T19:28:45","guid":{"rendered":"http:\/\/www.itaipbc.org.mx\/itaipBC-2019\/?post_type=boletines&#038;p=2299"},"modified":"2020-03-26T18:47:56","modified_gmt":"2020-03-27T01:47:56","slug":"itaipbc-y-cedhbc-firman-convenio-en-el-marco-del-primer-encuentro-regional-de-derechos-humanos-y-proteccion-de-datos-personales","status":"publish","type":"boletines","link":"https:\/\/www.itaipbc.org.mx\/itaipBC-2019\/boletines\/itaipbc-y-cedhbc-firman-convenio-en-el-marco-del-primer-encuentro-regional-de-derechos-humanos-y-proteccion-de-datos-personales\/","title":{"rendered":"ITAIPBC Y CEDHBC FIRMAN CONVENIO EN EL MARCO DEL PRIMER ENCUENTRO REGIONAL DE DERECHOS HUMANOS Y PROTECCI\u00d3N DE DATOS PERSONALES"},"content":{"rendered":"<h3><img loading=\"lazy\" decoding=\"async\" width=\"400\" height=\"300\" class=\"wp-image-2301 alignright\" src=\"http:\/\/www.itaipbc.org.mx\/itaipBC-2019\/wp-content\/uploads\/2020\/03\/firman-convenio-en-el-marco-del-primer-encuentro-r.png\" alt=\"FIRMAN CONVENIO EN EL MARCO DEL PRIMER ENCUENTRO REGIONAL\" \/><\/h3>\n<h1>ITAIPBC Y CEDHBC FIRMAN CONVENIO EN EL MARCO DEL PRIMER ENCUENTRO REGIONAL DE DERECHOS HUMANOS Y PROTECCI\u00d3N DE DATOS PERSONALES<\/h1>\n<p><strong>Mexicali, Baja California a 11 de marzo del 2019. <\/strong>El Instituto de Transparencia, Acceso a la Informaci\u00f3n P\u00fablica y Protecci\u00f3n de Datos Personales del Estado de Baja California (ITAIPBC) y la Comisi\u00f3n Estatal de Derechos Humanos de Baja California (CEDHBC), firmaron un convenio de colaboraci\u00f3n en materia de Protecci\u00f3n de Datos Personales y Derecho a la Privacidad de las Personas.<\/p>\n<p>La firma de convenio se llev\u00f3 a cabo en el marco del Primer Encuentro Regional Zona Norte \u201cLos Derechos Humanos, en el \u00e1mbito de protecci\u00f3n de datos personales y la privacidad de las personas\u201d, el cual tuvo por objetivo evaluar el adecuado ejercicio de las facultades y competencias de los \u00d3rganos Constitucionales Aut\u00f3nomos de los Estado, en materia de transparencia y de las Comisiones Estatales de Derechos Humanos, en el \u00e1mbito de la protecci\u00f3n de datos personales, a fin de garantizar el derecho a la privacidad de las personas.<\/p>\n<p>Durante la inauguraci\u00f3n del evento el Comisionado Presidente del ITAIPBC, Octavio Sandoval L\u00f3pez, se\u00f1al\u00f3 que los \u00d3rganos Aut\u00f3nomos particularmente los que tutelan los derechos humanos juegan un papel fundamental y estrat\u00e9gico en la protecci\u00f3n de los derechos de los ciudadanos, por lo que hizo un llamado a dichos \u00d3rganos para mantenerse alerta cuando los derechos humanos son amenazados por quienes ejercen los poderes del Estado, as\u00ed como seguir trabajando y actuar con oportunidad para inhibir acciones autoritarias sustentadas en una legitimidad.<\/p>\n<p>Por su parte, la Presidenta de la CEDHBC, Melba Adriana Olvera Rodr\u00edguez, agradeci\u00f3 a las instituciones involucradas en la realizaci\u00f3n de este evento, as\u00ed como a los Presidentes de las Comisiones Estatales de Derechos Humanos de la Zona Norte y a los Comisionados de los \u00d3rganos Garantes en materia de transparencia de la Regi\u00f3n Norte.<\/p>\n<p>Durante el primer d\u00eda de actividades, a cargo de la Coordinadora de la Comisi\u00f3n de Derechos Humanos, Equidad de G\u00e9nero e Inclusi\u00f3n Social del Sistema Nacional de Transparencia, Yolli Garc\u00eda \u00c1lvarez, se llev\u00f3 a cabo la conferencia \u201cEl derecho de acceso a la informaci\u00f3n p\u00fablica y a la protecci\u00f3n de datos personales del ciudadano\u201d, en donde se abordaron temas como el Derecho de Acceso a la Informaci\u00f3n P\u00fablica como un Derecho Humano, as\u00ed como los principios pro persona y de progresividad y la responsabilidad de las entidades p\u00fablicas en la protecci\u00f3n de datos personales ante la presunci\u00f3n de inocencia.<\/p>\n<p>A cargo del Comisionado Presidente del ITAIPBC, se realiz\u00f3 la conferencia \u201cDerecho a la Intimidad de la V\u00edctima frente al de Acceso a la Informaci\u00f3n P\u00fablica de terceros, en donde se desarrollaron temas como el Derecho al Anonimato de las V\u00edctimas, el Derecho de Privacidad de mujeres, mejores y personas vulnerables al ser partes en el proceso penal.<\/p>\n<p>Para concluir con el primer d\u00eda de actividades, el Presidente de la Comisi\u00f3n Estatal de Derechos Humanos de San Luis Potos\u00ed, Jorge Andr\u00e9s L\u00f3pez Espinoza, realiz\u00f3 la conferencia \u201cDerecho al Honor, que incluye el honor y el buen nombre, as\u00ed como el Derecho a la Protecci\u00f3n de Datos Personales.<\/p>\n<p>Durante el segundo d\u00eda de actividades, se celebr\u00f3 la firma de convenio de colaboraci\u00f3n entre el ITAIPBC y la CEDHBC, en donde el Comisionado Presidente del ITAIPBC, mencion\u00f3 que el objetivo de dicho convenio es poner en pr\u00e1ctica acciones de manera conjunta para que la privacidad y la intimidad de las personas, as\u00ed como la protecci\u00f3n de datos personales sea una realidad en Baja California.<\/p>\n<p>Para atestiguar la firma de convenio se encontr\u00f3 presente el Comisionado Presidente del Instituto Nacional de Transparencia, Acceso a la Informaci\u00f3n y Protecci\u00f3n de Datos Personales, Francisco Javier Acu\u00f1a Llamas, quien adem\u00e1s present\u00f3 la conferencia magistral \u201cLos \u00d3rganos Aut\u00f3nomos del Estado mexicano como contrapeso de los Poderes P\u00fablicos tradicionales\u201d.<\/p>\n<p>Para finalizar el evento, el Coordinador de la Comisi\u00f3n de Protecci\u00f3n de Datos Personales del Sistema Nacional de Transparencia, Javier Mart\u00ednez Cruz, realiz\u00f3 la conferencia \u201cLa Protecci\u00f3n de Datos Personales en el \u00e1mbito de las universidades p\u00fablicas\u201d.<\/p>\n<p>&nbsp;<\/p>\n","protected":false},"author":8,"featured_media":2301,"template":"","ano":[37,77],"class_list":["post-2299","boletines","type-boletines","status-publish","has-post-thumbnail","hentry","ano-37","ano-marzo-2019"],"yoast_head":"<!-- This site is optimized with the Yoast SEO plugin v26.5 - https:\/\/yoast.com\/wordpress\/plugins\/seo\/ -->\n<title>ITAIPBC Y CEDHBC FIRMAN CONVENIO EN EL MARCO DEL PRIMER ENCUENTRO REGIONAL DE DERECHOS HUMANOS Y PROTECCI\u00d3N DE DATOS PERSONALES - ItaipBC<\/title>\n<meta name=\"robots\" content=\"index, follow, max-snippet:-1, max-image-preview:large, max-video-preview:-1\" \/>\n<link rel=\"canonical\" href=\"https:\/\/www.itaipbc.org.mx\/itaipBC-2019\/boletines\/itaipbc-y-cedhbc-firman-convenio-en-el-marco-del-primer-encuentro-regional-de-derechos-humanos-y-proteccion-de-datos-personales\/\" \/>\n<meta property=\"og:locale\" content=\"es_ES\" \/>\n<meta property=\"og:type\" content=\"article\" \/>\n<meta property=\"og:title\" content=\"ITAIPBC Y CEDHBC FIRMAN CONVENIO EN EL MARCO DEL PRIMER ENCUENTRO REGIONAL DE DERECHOS HUMANOS Y PROTECCI\u00d3N DE DATOS PERSONALES - ItaipBC\" \/>\n<meta property=\"og:description\" content=\"ITAIPBC Y CEDHBC FIRMAN CONVENIO EN EL MARCO DEL PRIMER ENCUENTRO REGIONAL DE DERECHOS HUMANOS Y PROTECCI\u00d3N DE DATOS PERSONALES Mexicali, Baja California a 11 de marzo del 2019. El Instituto de Transparencia, Acceso a la Informaci\u00f3n P\u00fablica y Protecci\u00f3n de Datos Personales del Estado de Baja California (ITAIPBC) y la Comisi\u00f3n Estatal de Derechos [&hellip;]\" \/>\n<meta property=\"og:url\" content=\"https:\/\/www.itaipbc.org.mx\/itaipBC-2019\/boletines\/itaipbc-y-cedhbc-firman-convenio-en-el-marco-del-primer-encuentro-regional-de-derechos-humanos-y-proteccion-de-datos-personales\/\" \/>\n<meta property=\"og:site_name\" content=\"ItaipBC\" \/>\n<meta property=\"article:modified_time\" content=\"2020-03-27T01:47:56+00:00\" \/>\n<meta property=\"og:image\" content=\"https:\/\/www.itaipbc.org.mx\/itaipBC-2019\/wp-content\/uploads\/2020\/03\/firman-convenio-en-el-marco-del-primer-encuentro-r.png\" \/>\n\t<meta property=\"og:image:width\" content=\"400\" \/>\n\t<meta property=\"og:image:height\" content=\"300\" \/>\n\t<meta property=\"og:image:type\" content=\"image\/png\" \/>\n<meta name=\"twitter:card\" content=\"summary_large_image\" \/>\n<meta name=\"twitter:label1\" content=\"Tiempo de lectura\" \/>\n\t<meta name=\"twitter:data1\" content=\"4 minutos\" \/>\n<script type=\"application\/ld+json\" class=\"yoast-schema-graph\">{\"@context\":\"https:\/\/schema.org\",\"@graph\":[{\"@type\":\"WebPage\",\"@id\":\"https:\/\/www.itaipbc.org.mx\/itaipBC-2019\/boletines\/itaipbc-y-cedhbc-firman-convenio-en-el-marco-del-primer-encuentro-regional-de-derechos-humanos-y-proteccion-de-datos-personales\/\",\"url\":\"https:\/\/www.itaipbc.org.mx\/itaipBC-2019\/boletines\/itaipbc-y-cedhbc-firman-convenio-en-el-marco-del-primer-encuentro-regional-de-derechos-humanos-y-proteccion-de-datos-personales\/\",\"name\":\"ITAIPBC Y CEDHBC FIRMAN CONVENIO EN EL MARCO DEL PRIMER ENCUENTRO REGIONAL DE DERECHOS HUMANOS Y PROTECCI\u00d3N DE DATOS PERSONALES - ItaipBC\",\"isPartOf\":{\"@id\":\"https:\/\/www.itaipbc.org.mx\/itaipBC-2019\/#website\"},\"primaryImageOfPage\":{\"@id\":\"https:\/\/www.itaipbc.org.mx\/itaipBC-2019\/boletines\/itaipbc-y-cedhbc-firman-convenio-en-el-marco-del-primer-encuentro-regional-de-derechos-humanos-y-proteccion-de-datos-personales\/#primaryimage\"},\"image\":{\"@id\":\"https:\/\/www.itaipbc.org.mx\/itaipBC-2019\/boletines\/itaipbc-y-cedhbc-firman-convenio-en-el-marco-del-primer-encuentro-regional-de-derechos-humanos-y-proteccion-de-datos-personales\/#primaryimage\"},\"thumbnailUrl\":\"https:\/\/www.itaipbc.org.mx\/itaipBC-2019\/wp-content\/uploads\/2020\/03\/firman-convenio-en-el-marco-del-primer-encuentro-r.png\",\"datePublished\":\"2019-03-11T19:28:45+00:00\",\"dateModified\":\"2020-03-27T01:47:56+00:00\",\"breadcrumb\":{\"@id\":\"https:\/\/www.itaipbc.org.mx\/itaipBC-2019\/boletines\/itaipbc-y-cedhbc-firman-convenio-en-el-marco-del-primer-encuentro-regional-de-derechos-humanos-y-proteccion-de-datos-personales\/#breadcrumb\"},\"inLanguage\":\"es\",\"potentialAction\":[{\"@type\":\"ReadAction\",\"target\":[\"https:\/\/www.itaipbc.org.mx\/itaipBC-2019\/boletines\/itaipbc-y-cedhbc-firman-convenio-en-el-marco-del-primer-encuentro-regional-de-derechos-humanos-y-proteccion-de-datos-personales\/\"]}]},{\"@type\":\"ImageObject\",\"inLanguage\":\"es\",\"@id\":\"https:\/\/www.itaipbc.org.mx\/itaipBC-2019\/boletines\/itaipbc-y-cedhbc-firman-convenio-en-el-marco-del-primer-encuentro-regional-de-derechos-humanos-y-proteccion-de-datos-personales\/#primaryimage\",\"url\":\"https:\/\/www.itaipbc.org.mx\/itaipBC-2019\/wp-content\/uploads\/2020\/03\/firman-convenio-en-el-marco-del-primer-encuentro-r.png\",\"contentUrl\":\"https:\/\/www.itaipbc.org.mx\/itaipBC-2019\/wp-content\/uploads\/2020\/03\/firman-convenio-en-el-marco-del-primer-encuentro-r.png\",\"width\":400,\"height\":300,\"caption\":\"FIRMAN CONVENIO EN EL MARCO DEL PRIMER ENCUENTRO REGIONAL\"},{\"@type\":\"BreadcrumbList\",\"@id\":\"https:\/\/www.itaipbc.org.mx\/itaipBC-2019\/boletines\/itaipbc-y-cedhbc-firman-convenio-en-el-marco-del-primer-encuentro-regional-de-derechos-humanos-y-proteccion-de-datos-personales\/#breadcrumb\",\"itemListElement\":[{\"@type\":\"ListItem\",\"position\":1,\"name\":\"Portada\",\"item\":\"https:\/\/www.itaipbc.org.mx\/itaipBC-2019\/\"},{\"@type\":\"ListItem\",\"position\":2,\"name\":\"ITAIPBC Y CEDHBC FIRMAN CONVENIO EN EL MARCO DEL PRIMER ENCUENTRO REGIONAL DE DERECHOS HUMANOS Y PROTECCI\u00d3N DE DATOS PERSONALES\"}]},{\"@type\":\"WebSite\",\"@id\":\"https:\/\/www.itaipbc.org.mx\/itaipBC-2019\/#website\",\"url\":\"https:\/\/www.itaipbc.org.mx\/itaipBC-2019\/\",\"name\":\"ItaipBC\",\"description\":\"\",\"publisher\":{\"@id\":\"https:\/\/www.itaipbc.org.mx\/itaipBC-2019\/#organization\"},\"potentialAction\":[{\"@type\":\"SearchAction\",\"target\":{\"@type\":\"EntryPoint\",\"urlTemplate\":\"https:\/\/www.itaipbc.org.mx\/itaipBC-2019\/?s={search_term_string}\"},\"query-input\":{\"@type\":\"PropertyValueSpecification\",\"valueRequired\":true,\"valueName\":\"search_term_string\"}}],\"inLanguage\":\"es\"},{\"@type\":\"Organization\",\"@id\":\"https:\/\/www.itaipbc.org.mx\/itaipBC-2019\/#organization\",\"name\":\"Instituto de Transparencia Baja California\",\"url\":\"https:\/\/www.itaipbc.org.mx\/itaipBC-2019\/\",\"logo\":{\"@type\":\"ImageObject\",\"inLanguage\":\"es\",\"@id\":\"https:\/\/www.itaipbc.org.mx\/itaipBC-2019\/#\/schema\/logo\/image\/\",\"url\":\"http:\/\/www.itaipbc.org.mx\/itaipBC-2019\/wp-content\/uploads\/2020\/01\/ITAIPBC-Completo.png\",\"contentUrl\":\"http:\/\/www.itaipbc.org.mx\/itaipBC-2019\/wp-content\/uploads\/2020\/01\/ITAIPBC-Completo.png\",\"width\":750,\"height\":174,\"caption\":\"Instituto de Transparencia Baja California\"},\"image\":{\"@id\":\"https:\/\/www.itaipbc.org.mx\/itaipBC-2019\/#\/schema\/logo\/image\/\"}}]}<\/script>\n<!-- \/ Yoast SEO plugin. -->","yoast_head_json":{"title":"ITAIPBC Y CEDHBC FIRMAN CONVENIO EN EL MARCO DEL PRIMER ENCUENTRO REGIONAL DE DERECHOS HUMANOS Y PROTECCI\u00d3N DE DATOS PERSONALES - ItaipBC","robots":{"index":"index","follow":"follow","max-snippet":"max-snippet:-1","max-image-preview":"max-image-preview:large","max-video-preview":"max-video-preview:-1"},"canonical":"https:\/\/www.itaipbc.org.mx\/itaipBC-2019\/boletines\/itaipbc-y-cedhbc-firman-convenio-en-el-marco-del-primer-encuentro-regional-de-derechos-humanos-y-proteccion-de-datos-personales\/","og_locale":"es_ES","og_type":"article","og_title":"ITAIPBC Y CEDHBC FIRMAN CONVENIO EN EL MARCO DEL PRIMER ENCUENTRO REGIONAL DE DERECHOS HUMANOS Y PROTECCI\u00d3N DE DATOS PERSONALES - ItaipBC","og_description":"ITAIPBC Y CEDHBC FIRMAN CONVENIO EN EL MARCO DEL PRIMER ENCUENTRO REGIONAL DE DERECHOS HUMANOS Y PROTECCI\u00d3N DE DATOS PERSONALES Mexicali, Baja California a 11 de marzo del 2019. El Instituto de Transparencia, Acceso a la Informaci\u00f3n P\u00fablica y Protecci\u00f3n de Datos Personales del Estado de Baja California (ITAIPBC) y la Comisi\u00f3n Estatal de Derechos [&hellip;]","og_url":"https:\/\/www.itaipbc.org.mx\/itaipBC-2019\/boletines\/itaipbc-y-cedhbc-firman-convenio-en-el-marco-del-primer-encuentro-regional-de-derechos-humanos-y-proteccion-de-datos-personales\/","og_site_name":"ItaipBC","article_modified_time":"2020-03-27T01:47:56+00:00","og_image":[{"width":400,"height":300,"url":"https:\/\/www.itaipbc.org.mx\/itaipBC-2019\/wp-content\/uploads\/2020\/03\/firman-convenio-en-el-marco-del-primer-encuentro-r.png","type":"image\/png"}],"twitter_card":"summary_large_image","twitter_misc":{"Tiempo de lectura":"4 minutos"},"schema":{"@context":"https:\/\/schema.org","@graph":[{"@type":"WebPage","@id":"https:\/\/www.itaipbc.org.mx\/itaipBC-2019\/boletines\/itaipbc-y-cedhbc-firman-convenio-en-el-marco-del-primer-encuentro-regional-de-derechos-humanos-y-proteccion-de-datos-personales\/","url":"https:\/\/www.itaipbc.org.mx\/itaipBC-2019\/boletines\/itaipbc-y-cedhbc-firman-convenio-en-el-marco-del-primer-encuentro-regional-de-derechos-humanos-y-proteccion-de-datos-personales\/","name":"ITAIPBC Y CEDHBC FIRMAN CONVENIO EN EL MARCO DEL PRIMER ENCUENTRO REGIONAL DE DERECHOS HUMANOS Y PROTECCI\u00d3N DE DATOS PERSONALES - ItaipBC","isPartOf":{"@id":"https:\/\/www.itaipbc.org.mx\/itaipBC-2019\/#website"},"primaryImageOfPage":{"@id":"https:\/\/www.itaipbc.org.mx\/itaipBC-2019\/boletines\/itaipbc-y-cedhbc-firman-convenio-en-el-marco-del-primer-encuentro-regional-de-derechos-humanos-y-proteccion-de-datos-personales\/#primaryimage"},"image":{"@id":"https:\/\/www.itaipbc.org.mx\/itaipBC-2019\/boletines\/itaipbc-y-cedhbc-firman-convenio-en-el-marco-del-primer-encuentro-regional-de-derechos-humanos-y-proteccion-de-datos-personales\/#primaryimage"},"thumbnailUrl":"https:\/\/www.itaipbc.org.mx\/itaipBC-2019\/wp-content\/uploads\/2020\/03\/firman-convenio-en-el-marco-del-primer-encuentro-r.png","datePublished":"2019-03-11T19:28:45+00:00","dateModified":"2020-03-27T01:47:56+00:00","breadcrumb":{"@id":"https:\/\/www.itaipbc.org.mx\/itaipBC-2019\/boletines\/itaipbc-y-cedhbc-firman-convenio-en-el-marco-del-primer-encuentro-regional-de-derechos-humanos-y-proteccion-de-datos-personales\/#breadcrumb"},"inLanguage":"es","potentialAction":[{"@type":"ReadAction","target":["https:\/\/www.itaipbc.org.mx\/itaipBC-2019\/boletines\/itaipbc-y-cedhbc-firman-convenio-en-el-marco-del-primer-encuentro-regional-de-derechos-humanos-y-proteccion-de-datos-personales\/"]}]},{"@type":"ImageObject","inLanguage":"es","@id":"https:\/\/www.itaipbc.org.mx\/itaipBC-2019\/boletines\/itaipbc-y-cedhbc-firman-convenio-en-el-marco-del-primer-encuentro-regional-de-derechos-humanos-y-proteccion-de-datos-personales\/#primaryimage","url":"https:\/\/www.itaipbc.org.mx\/itaipBC-2019\/wp-content\/uploads\/2020\/03\/firman-convenio-en-el-marco-del-primer-encuentro-r.png","contentUrl":"https:\/\/www.itaipbc.org.mx\/itaipBC-2019\/wp-content\/uploads\/2020\/03\/firman-convenio-en-el-marco-del-primer-encuentro-r.png","width":400,"height":300,"caption":"FIRMAN CONVENIO EN EL MARCO DEL PRIMER ENCUENTRO REGIONAL"},{"@type":"BreadcrumbList","@id":"https:\/\/www.itaipbc.org.mx\/itaipBC-2019\/boletines\/itaipbc-y-cedhbc-firman-convenio-en-el-marco-del-primer-encuentro-regional-de-derechos-humanos-y-proteccion-de-datos-personales\/#breadcrumb","itemListElement":[{"@type":"ListItem","position":1,"name":"Portada","item":"https:\/\/www.itaipbc.org.mx\/itaipBC-2019\/"},{"@type":"ListItem","position":2,"name":"ITAIPBC Y CEDHBC FIRMAN CONVENIO EN EL MARCO DEL PRIMER ENCUENTRO REGIONAL DE DERECHOS HUMANOS Y PROTECCI\u00d3N DE DATOS PERSONALES"}]},{"@type":"WebSite","@id":"https:\/\/www.itaipbc.org.mx\/itaipBC-2019\/#website","url":"https:\/\/www.itaipbc.org.mx\/itaipBC-2019\/","name":"ItaipBC","description":"","publisher":{"@id":"https:\/\/www.itaipbc.org.mx\/itaipBC-2019\/#organization"},"potentialAction":[{"@type":"SearchAction","target":{"@type":"EntryPoint","urlTemplate":"https:\/\/www.itaipbc.org.mx\/itaipBC-2019\/?s={search_term_string}"},"query-input":{"@type":"PropertyValueSpecification","valueRequired":true,"valueName":"search_term_string"}}],"inLanguage":"es"},{"@type":"Organization","@id":"https:\/\/www.itaipbc.org.mx\/itaipBC-2019\/#organization","name":"Instituto de Transparencia Baja California","url":"https:\/\/www.itaipbc.org.mx\/itaipBC-2019\/","logo":{"@type":"ImageObject","inLanguage":"es","@id":"https:\/\/www.itaipbc.org.mx\/itaipBC-2019\/#\/schema\/logo\/image\/","url":"http:\/\/www.itaipbc.org.mx\/itaipBC-2019\/wp-content\/uploads\/2020\/01\/ITAIPBC-Completo.png","contentUrl":"http:\/\/www.itaipbc.org.mx\/itaipBC-2019\/wp-content\/uploads\/2020\/01\/ITAIPBC-Completo.png","width":750,"height":174,"caption":"Instituto de Transparencia Baja California"},"image":{"@id":"https:\/\/www.itaipbc.org.mx\/itaipBC-2019\/#\/schema\/logo\/image\/"}}]}},"_links":{"self":[{"href":"https:\/\/www.itaipbc.org.mx\/itaipBC-2019\/wp-json\/wp\/v2\/boletines\/2299","targetHints":{"allow":["GET"]}}],"collection":[{"href":"https:\/\/www.itaipbc.org.mx\/itaipBC-2019\/wp-json\/wp\/v2\/boletines"}],"about":[{"href":"https:\/\/www.itaipbc.org.mx\/itaipBC-2019\/wp-json\/wp\/v2\/types\/boletines"}],"author":[{"embeddable":true,"href":"https:\/\/www.itaipbc.org.mx\/itaipBC-2019\/wp-json\/wp\/v2\/users\/8"}],"wp:featuredmedia":[{"embeddable":true,"href":"https:\/\/www.itaipbc.org.mx\/itaipBC-2019\/wp-json\/wp\/v2\/media\/2301"}],"wp:attachment":[{"href":"https:\/\/www.itaipbc.org.mx\/itaipBC-2019\/wp-json\/wp\/v2\/media?parent=2299"}],"wp:term":[{"taxonomy":"ano","embeddable":true,"href":"https:\/\/www.itaipbc.org.mx\/itaipBC-2019\/wp-json\/wp\/v2\/ano?post=2299"}],"curies":[{"name":"wp","href":"https:\/\/api.w.org\/{rel}","templated":true}]}}